{"id":57,"date":"2025-06-24T01:46:16","date_gmt":"2025-06-24T01:46:16","guid":{"rendered":"http:\/\/querkuscapital.com\/?page_id=57"},"modified":"2025-06-24T23:06:32","modified_gmt":"2025-06-24T23:06:32","slug":"proteccion-de-datos","status":"publish","type":"page","link":"https:\/\/querkuscapital.com\/en\/proteccion-de-datos\/","title":{"rendered":"Protecci\u00f3n de datos"},"content":{"rendered":"<div data-elementor-type=\"wp-page\" data-elementor-id=\"57\" class=\"elementor elementor-57\" data-elementor-post-type=\"page\">\n\t\t\t\t<div class=\"elementor-element elementor-element-c3b0657 e-flex e-con-boxed e-con e-parent\" data-id=\"c3b0657\" data-element_type=\"container\" data-e-type=\"container\">\n\t\t\t\t\t<div class=\"e-con-inner\">\n\t\t\t\t<div class=\"elementor-element elementor-element-c0a4194 elementor-widget elementor-widget-text-editor\" data-id=\"c0a4194\" data-element_type=\"widget\" data-e-type=\"widget\" data-widget_type=\"text-editor.default\">\n\t\t\t\t<div class=\"elementor-widget-container\">\n\t\t\t\t\t\t\t\t\t<h3><strong>1. Clientes<\/strong><\/h3><h3>\u00a0<\/h3><h3><strong>2. Potenciales clientes<\/strong><\/h3><h5><strong><em>\u00bfQui\u00e9n es el Responsable del tratamiento de sus datos personales?<\/em><\/strong><\/h5><p><strong>\u00abEDM GESTI\u00d3N SAU, SOCIEDAD GESTORA DE INSTITUCIONES DE INVERSI\u00d3N COLECTIVA\u00bb<\/strong>\u00a0(en adelante \u00abEDM\u00bb), con domicilio social en Madrid, Paseo de la Castellana n\u00ba78, 28046 y oficina en Barcelona, Avenida Diagonal, n\u00ba 399, 08008. Direcci\u00f3n de correo electr\u00f3nico:\u00a0<a href=\"mailto:dpo@edm.es\">dpo@edm.es<\/a>\u00a0y tel\u00e9fonos: 91.411.03.98 (Madrid) y 93.416.01.43 (Barcelona).<\/p><h5><strong><em>\u00bfPara qu\u00e9, y con qu\u00e9 base legal, va a tratar EDM sus datos personales?<\/em><\/strong><\/h5><p>En EDM trataremos sus datos personales para atender cualquier petici\u00f3n o consulta que nos haga a trav\u00e9s de nuestra p\u00e1gina web, o de cualquiera de los miembros de nuestro equipo. Asimismo, para invitarle a nuestros seminarios, y para enviarle peri\u00f3dicamente nuestra Newsletter y ofrecerle informaci\u00f3n del sector financiero e inversor.<\/p><p>Son unos tratamientos que EDM llevar\u00e1 a cabo \u00fanicamente si usted nos ha dado previamente su autorizaci\u00f3n. Su consentimiento es la base legal que lo legitima.<\/p><p>En este sentido, EDM \u00fanicamente tratar\u00e1 los datos personales que usted nos haya facilitado: su nombre y apellidos, y direcci\u00f3n de correo electr\u00f3nico.<\/p><h5><strong><em>Personas de contacto de personas jur\u00eddicas<\/em><\/strong><\/h5><p>Si usted nos facilita sus datos actuando en representaci\u00f3n -o como persona de contacto- de una persona jur\u00eddica (por ejemplo, de una sociedad mercantil o una Fundaci\u00f3n, etc.), EDM tratar\u00e1 sus datos personales a los solos efectos de mantener, con la persona jur\u00eddica, las comunicaciones que procedan.<\/p><h5><strong><em>\u00bfDurante cu\u00e1nto tiempo conservar\u00e1 y tratar\u00e1 EDM sus datos personales?<\/em><\/strong><\/h5><p>En EDM trataremos sus datos personales mientras usted no nos retire su autorizaci\u00f3n.<\/p><p>Por supuesto, si usted retira su autorizaci\u00f3n (lo cual puede hacer en cualquier momento), ello no afectar\u00e1 en modo alguno a su posible relaci\u00f3n con EDM, ni a lo realizado hasta ese momento. En tal caso, simplemente EDM dejar\u00eda de enviarle ninguna comunicaci\u00f3n promocional.<\/p><p>Tras ello, EDM seguir\u00eda conservando sus datos personales, pero debidamente bloqueados, para responder de posibles reclamaciones y durante los plazos legales de prescripci\u00f3n, y a disposici\u00f3n de las Administraciones P\u00fablicas y autoridades que los pudieran solicitar.<\/p><h5><strong><em>\u00bfA qu\u00e9 destinatarios podr\u00eda comunicar EDM sus datos?<\/em><\/strong><\/h5><p>Como regla general, salvo que resulte legalmente obligatorio EDM no compartir\u00e1 ni facilitar\u00e1 sus datos personales a ning\u00fan tercero.<\/p><p>No obstante, en EDM contaremos con la colaboraci\u00f3n de terceros proveedores de servicios que pueden tener acceso a sus datos personales (por ejemplo, las empresas que gestionan los sistemas inform\u00e1ticos de EDM), pero los tratar\u00e1n siguiendo en todo momento nuestras instrucciones, y \u00fanica y exclusivamente para prestarnos los servicios que les hayamos contratado<strong>.<\/strong><\/p><h5><strong><em>\u00bfCu\u00e1les son sus derechos?<\/em><\/strong><\/h5><p>La actual normativa le reconoce los derechos de acceso, portabilidad, rectificaci\u00f3n, oposici\u00f3n, supresi\u00f3n o limitaci\u00f3n del tratamiento de los datos, as\u00ed como a no ser objeto de decisiones \u00edntegramente automatizadas, derechos que puede ejercer mediante correo electr\u00f3nico dirigido a\u00a0<a href=\"mailto:dpo@edm.es\">dpo@edm.es<\/a>\u00a0o por correo postal dirigido a la oficina de Barcelona, Avenida Diagonal n\u00ba 399, 08008, o a la oficina de Madrid, Paseo de la Castellana, n\u00ba 78, 28046.<\/p><p>Asimismo, se le informa que con sus datos no se llevar\u00e1 a cabo ning\u00fan perfilado comercial, ni se tomar\u00e1 ninguna decisi\u00f3n automatizada.<\/p><p>Finalmente, usted puede reclamar ante EDM y\/o ante la Agencia Espa\u00f1ola de Protecci\u00f3n de Datos, especialmente cuando no haya obtenido satisfacci\u00f3n en el ejercicio de sus derechos, mediante escrito dirigido a la direcci\u00f3n antes indicada o a trav\u00e9s de la web\u00a0<a href=\"https:\/\/www.aepd.es\/\" target=\"_blank\" rel=\"noopener\">https:\/\/www.aepd.es<\/a>.<\/p>\t\t\t\t\t\t\t\t<\/div>\n\t\t\t\t<\/div>\n\t\t\t\t\t<\/div>\n\t\t\t\t<\/div>\n\t\t<div class=\"elementor-element elementor-element-369b0e7 e-flex e-con-boxed e-con e-parent\" data-id=\"369b0e7\" data-element_type=\"container\" data-e-type=\"container\">\n\t\t\t\t\t<div class=\"e-con-inner\">\n\t\t\t\t<div class=\"elementor-element elementor-element-39f334d elementor-widget-divider--view-line elementor-widget elementor-widget-divider\" data-id=\"39f334d\" data-element_type=\"widget\" data-e-type=\"widget\" data-widget_type=\"divider.default\">\n\t\t\t\t<div class=\"elementor-widget-container\">\n\t\t\t\t\t\t\t<div class=\"elementor-divider\">\n\t\t\t<span class=\"elementor-divider-separator\">\n\t\t\t\t\t\t<\/span>\n\t\t<\/div>\n\t\t\t\t\t\t<\/div>\n\t\t\t\t<\/div>\n\t\t\t\t<div class=\"elementor-element elementor-element-c206a63 elementor-widget elementor-widget-heading\" data-id=\"c206a63\" data-element_type=\"widget\" data-e-type=\"widget\" data-widget_type=\"heading.default\">\n\t\t\t\t<div class=\"elementor-widget-container\">\n\t\t\t\t\t<h2 class=\"elementor-heading-title elementor-size-default\">Descargables<\/h2>\t\t\t\t<\/div>\n\t\t\t\t<\/div>\n\t\t\t\t<div class=\"elementor-element elementor-element-c354fbe elementor-view-stacked elementor-position-inline-end elementor-shape-circle elementor-mobile-position-block-start elementor-widget elementor-widget-icon-box\" data-id=\"c354fbe\" data-element_type=\"widget\" data-e-type=\"widget\" data-widget_type=\"icon-box.default\">\n\t\t\t\t<div class=\"elementor-widget-container\">\n\t\t\t\t\t\t\t<div class=\"elementor-icon-box-wrapper\">\n\n\t\t\t\t\t\t<div class=\"elementor-icon-box-icon\">\n\t\t\t\t<a href=\"\/wp-content\/uploads\/2025\/06\/InformacionLegalAdicionalPotencialesClientes.pdf\" class=\"elementor-icon\" tabindex=\"-1\" aria-label=\"Informaci\u00f3n legal adicional \u2013 potenciales clientes\">\n\t\t\t\t<svg aria-hidden=\"true\" class=\"e-font-icon-svg e-fas-long-arrow-alt-down\" viewbox=\"0 0 256 512\" xmlns=\"http:\/\/www.w3.org\/2000\/svg\"><path d=\"M168 345.941V44c0-6.627-5.373-12-12-12h-56c-6.627 0-12 5.373-12 12v301.941H41.941c-21.382 0-32.09 25.851-16.971 40.971l86.059 86.059c9.373 9.373 24.569 9.373 33.941 0l86.059-86.059c15.119-15.119 4.411-40.971-16.971-40.971H168z\"><\/path><\/svg>\t\t\t\t<\/a>\n\t\t\t<\/div>\n\t\t\t\n\t\t\t\t\t\t<div class=\"elementor-icon-box-content\">\n\n\t\t\t\t\t\t\t\t\t<h3 class=\"elementor-icon-box-title\">\n\t\t\t\t\t\t<a href=\"\/wp-content\/uploads\/2025\/06\/InformacionLegalAdicionalPotencialesClientes.pdf\" >\n\t\t\t\t\t\t\tInformaci\u00f3n legal adicional \u2013 potenciales clientes\t\t\t\t\t\t<\/a>\n\t\t\t\t\t<\/h3>\n\t\t\t\t\n\t\t\t\t\n\t\t\t<\/div>\n\t\t\t\n\t\t<\/div>\n\t\t\t\t\t\t<\/div>\n\t\t\t\t<\/div>\n\t\t\t\t<div class=\"elementor-element elementor-element-6ba5525 elementor-widget-divider--view-line elementor-widget elementor-widget-divider\" data-id=\"6ba5525\" data-element_type=\"widget\" data-e-type=\"widget\" data-widget_type=\"divider.default\">\n\t\t\t\t<div class=\"elementor-widget-container\">\n\t\t\t\t\t\t\t<div class=\"elementor-divider\">\n\t\t\t<span class=\"elementor-divider-separator\">\n\t\t\t\t\t\t<\/span>\n\t\t<\/div>\n\t\t\t\t\t\t<\/div>\n\t\t\t\t<\/div>\n\t\t\t\t\t<\/div>\n\t\t\t\t<\/div>\n\t\t\t\t<\/div>","protected":false},"excerpt":{"rendered":"<p>1. Clientes \u00a0 2. Potenciales clientes \u00bfQui\u00e9n es el Responsable del tratamiento de sus datos personales? \u00abEDM GESTI\u00d3N SAU, SOCIEDAD GESTORA DE INSTITUCIONES DE INVERSI\u00d3N COLECTIVA\u00bb\u00a0(en adelante \u00abEDM\u00bb), con domicilio social en Madrid, Paseo de la Castellana n\u00ba78, 28046 y oficina en Barcelona, Avenida Diagonal, n\u00ba 399, 08008. Direcci\u00f3n de correo electr\u00f3nico:\u00a0dpo@edm.es\u00a0y tel\u00e9fonos: 91.411.03.98 (Madrid) [&hellip;]<\/p>\n","protected":false},"author":1,"featured_media":0,"parent":0,"menu_order":0,"comment_status":"closed","ping_status":"closed","template":"","meta":{"footnotes":""},"class_list":["post-57","page","type-page","status-publish","hentry"],"_links":{"self":[{"href":"https:\/\/querkuscapital.com\/en\/wp-json\/wp\/v2\/pages\/57","targetHints":{"allow":["GET"]}}],"collection":[{"href":"https:\/\/querkuscapital.com\/en\/wp-json\/wp\/v2\/pages"}],"about":[{"href":"https:\/\/querkuscapital.com\/en\/wp-json\/wp\/v2\/types\/page"}],"author":[{"embeddable":true,"href":"https:\/\/querkuscapital.com\/en\/wp-json\/wp\/v2\/users\/1"}],"replies":[{"embeddable":true,"href":"https:\/\/querkuscapital.com\/en\/wp-json\/wp\/v2\/comments?post=57"}],"version-history":[{"count":19,"href":"https:\/\/querkuscapital.com\/en\/wp-json\/wp\/v2\/pages\/57\/revisions"}],"predecessor-version":[{"id":324,"href":"https:\/\/querkuscapital.com\/en\/wp-json\/wp\/v2\/pages\/57\/revisions\/324"}],"wp:attachment":[{"href":"https:\/\/querkuscapital.com\/en\/wp-json\/wp\/v2\/media?parent=57"}],"curies":[{"name":"wp","href":"https:\/\/api.w.org\/{rel}","templated":true}]}}